{"id":29236,"date":"2019-12-02T09:16:26","date_gmt":"2019-12-02T09:16:26","guid":{"rendered":"https:\/\/service1.8volante.com\/dr-fischer\/?page_id=29236"},"modified":"2025-08-01T08:40:37","modified_gmt":"2025-08-01T08:40:37","slug":"lequipe","status":"publish","type":"page","link":"https:\/\/www.dr-fischer.it\/fr\/lequipe\/","title":{"rendered":"L&#8217;Equipe"},"content":{"rendered":"<p>[et_pb_section fb_built=&#8221;1&#8243; _builder_version=&#8221;4.16&#8243; background_color=&#8221;#fc9649&#8243; custom_padding=&#8221;0px|0px|0px|0px&#8221; custom_padding_tablet=&#8221;0px|0px|0px|0px&#8221; da_disable_devices=&#8221;off|off|off&#8221; transparent_background=&#8221;off&#8221; padding_mobile=&#8221;on&#8221; make_fullwidth=&#8221;off&#8221; use_custom_width=&#8221;off&#8221; width_unit=&#8221;on&#8221; global_colors_info=&#8221;{}&#8221; da_is_popup=&#8221;off&#8221; da_exit_intent=&#8221;off&#8221; da_has_close=&#8221;on&#8221; da_alt_close=&#8221;off&#8221; da_dark_close=&#8221;off&#8221; da_not_modal=&#8221;on&#8221; da_is_singular=&#8221;off&#8221; da_with_loader=&#8221;off&#8221; da_has_shadow=&#8221;on&#8221;][et_pb_row padding_mobile=&#8221;on&#8221; column_padding_mobile=&#8221;on&#8221; _builder_version=&#8221;4.16&#8243; background_size=&#8221;initial&#8221; background_position=&#8221;top_left&#8221; background_repeat=&#8221;repeat&#8221; custom_padding=&#8221;0px|0px|0px|0px&#8221; make_fullwidth=&#8221;off&#8221; use_custom_width=&#8221;off&#8221; width_unit=&#8221;on&#8221; global_colors_info=&#8221;{}&#8221;][et_pb_column type=&#8221;4_4&#8243; _builder_version=&#8221;4.16&#8243; custom_padding=&#8221;|||&#8221; global_colors_info=&#8221;{}&#8221; custom_padding__hover=&#8221;|||&#8221;][et_pb_text admin_label=&#8221;menu arancione in alto&#8221; _builder_version=&#8221;4.16&#8243; link_font=&#8221;|600|||||||&#8221; link_text_color=&#8221;#ffffff&#8221; background_size=&#8221;initial&#8221; background_position=&#8221;top_left&#8221; background_repeat=&#8221;repeat&#8221; background_layout=&#8221;dark&#8221; custom_margin=&#8221;0.5%|0.5%|0.5%|0.5%&#8221; use_border_color=&#8221;off&#8221; global_colors_info=&#8221;{}&#8221;]<\/p>\n<p>Telefono &#8211; <a href=\"tel:+39040763311\">040 763311<\/a> | email &#8211; <a href=\"mailto:studio@dr-fischer.it\">studio@dr-fischer.it<\/a> | indirizzo &#8211; P.zza dell\u2019Ospitale, 2 \u2013 34129 Trieste<\/p>\n<p>[\/et_pb_text][\/et_pb_column][\/et_pb_row][\/et_pb_section][et_pb_section fb_built=&#8221;1&#8243; custom_padding_last_edited=&#8221;on|desktop&#8221; admin_label=&#8221;Sezione&#8221; _builder_version=&#8221;4.16&#8243; custom_padding=&#8221;0px|0px|0px|0px&#8221; custom_padding_tablet=&#8221;50px|0|50px|0&#8243; custom_padding_phone=&#8221;&#8221; da_disable_devices=&#8221;off|off|off&#8221; transparent_background=&#8221;off&#8221; padding_mobile=&#8221;off&#8221; global_colors_info=&#8221;{}&#8221; da_is_popup=&#8221;off&#8221; da_exit_intent=&#8221;off&#8221; da_has_close=&#8221;on&#8221; da_alt_close=&#8221;off&#8221; da_dark_close=&#8221;off&#8221; da_not_modal=&#8221;on&#8221; da_is_singular=&#8221;off&#8221; da_with_loader=&#8221;off&#8221; da_has_shadow=&#8221;on&#8221;][et_pb_row use_custom_gutter=&#8221;on&#8221; gutter_width=&#8221;1&#8243; padding_mobile=&#8221;off&#8221; column_padding_mobile=&#8221;on&#8221; disabled_on=&#8221;on||&#8221; admin_label=&#8221;row&#8221; module_class=&#8221; et_pb_row_fullwidth&#8221; _builder_version=&#8221;4.27.4&#8243; background_image=&#8221;https:\/\/www.dr-fischer.it\/wp-content\/uploads\/2025\/07\/Team-Fischer-Banner-1-2.jpg&#8221; background_size=&#8221;initial&#8221; background_position=&#8221;top_left&#8221; background_repeat=&#8221;repeat&#8221; width=&#8221;100%&#8221; width_tablet=&#8221;100%&#8221; width_phone=&#8221;&#8221; width_last_edited=&#8221;on|desktop&#8221; max_width=&#8221;100%&#8221; max_width_tablet=&#8221;100%&#8221; max_width_phone=&#8221;&#8221; max_width_last_edited=&#8221;on|desktop&#8221; custom_padding=&#8221;0px||0px|&#8221; custom_css_main_element=&#8221;background-size: cover;||background-position: center;&#8221; make_fullwidth=&#8221;on&#8221; global_colors_info=&#8221;{}&#8221;][et_pb_column type=&#8221;4_4&#8243; _builder_version=&#8221;4.16&#8243; custom_padding=&#8221;0px||0px|&#8221; global_colors_info=&#8221;{}&#8221; custom_padding__hover=&#8221;|||&#8221;][et_pb_divider show_divider=&#8221;off&#8221; disabled_on=&#8221;on||&#8221; admin_label=&#8221;Image Divider&#8221; _builder_version=&#8221;4.16&#8243; height=&#8221;300px&#8221; hide_on_mobile=&#8221;off&#8221; global_colors_info=&#8221;{}&#8221;]<\/p>\n<p>[\/et_pb_divider][et_pb_text _builder_version=&#8221;4.16&#8243; text_font=&#8221;PT Sans||||&#8221; text_text_color=&#8221;#ffffff&#8221; text_font_size=&#8221;72&#8243; text_line_height=&#8221;1.1em&#8221; header_font=&#8221;PT Sans||||&#8221; header_font_size=&#8221;72px&#8221; background_size=&#8221;initial&#8221; background_position=&#8221;top_left&#8221; background_repeat=&#8221;repeat&#8221; text_orientation=&#8221;right&#8221; background_layout=&#8221;dark&#8221; custom_margin=&#8221;|10%|10%|&#8221; text_font_size_tablet=&#8221;52&#8243; text_font_size_phone=&#8221;&#8221; text_font_size_last_edited=&#8221;on|desktop&#8221; header_font_size_tablet=&#8221;52px&#8221; header_font_size_phone=&#8221;&#8221; header_font_size_last_edited=&#8221;on|phone&#8221; custom_css_main_element=&#8221;text-shadow: 0px 0px 10px #000;&#8221; use_border_color=&#8221;off&#8221; border_color=&#8221;#ffffff&#8221; border_style=&#8221;solid&#8221; global_colors_info=&#8221;{}&#8221;]<\/p>\n<h1>L\u2019\u00e9quipe<\/h1>\n<p>[\/et_pb_text][\/et_pb_column][\/et_pb_row][\/et_pb_section][et_pb_section fb_built=&#8221;1&#8243; disabled_on=&#8221;off|off|off&#8221; admin_label=&#8221;section per DESKTOP&#8221; _builder_version=&#8221;4.16&#8243; custom_padding=&#8221;0px|0px|0px|0px&#8221; custom_padding_tablet=&#8221;0px|0px|0px|0px&#8221; da_disable_devices=&#8221;off|off|off&#8221; width_unit=&#8221;off&#8221; locked=&#8221;off&#8221; global_colors_info=&#8221;{}&#8221; da_is_popup=&#8221;off&#8221; da_exit_intent=&#8221;off&#8221; da_has_close=&#8221;on&#8221; da_alt_close=&#8221;off&#8221; da_dark_close=&#8221;off&#8221; da_not_modal=&#8221;on&#8221; da_is_singular=&#8221;off&#8221; da_with_loader=&#8221;off&#8221; da_has_shadow=&#8221;on&#8221;][et_pb_row padding_mobile=&#8221;off&#8221; column_padding_mobile=&#8221;on&#8221; admin_label=&#8221;Riga&#8221; _builder_version=&#8221;4.16&#8243; background_size=&#8221;initial&#8221; background_position=&#8221;top_left&#8221; background_repeat=&#8221;repeat&#8221; custom_padding=&#8221;41px|0px|0px|0px&#8221; make_fullwidth=&#8221;off&#8221; use_custom_width=&#8221;off&#8221; width_unit=&#8221;off&#8221; custom_width_px=&#8221;1080px&#8221; custom_width_percent=&#8221;80%&#8221; global_colors_info=&#8221;{}&#8221;][et_pb_column type=&#8221;4_4&#8243; _builder_version=&#8221;4.16&#8243; custom_padding=&#8221;|||&#8221; global_colors_info=&#8221;{}&#8221; custom_padding__hover=&#8221;|||&#8221;][et_pb_image src=&#8221;https:\/\/www.dr-fischer.it\/wp-content\/uploads\/2017\/09\/logo-fischer.png&#8221; alt=&#8221;dentista trieste&#8221; align=&#8221;center&#8221; align_tablet=&#8221;center&#8221; align_phone=&#8221;&#8221; align_last_edited=&#8221;on|desktop&#8221; disabled_on=&#8221;on|on|off&#8221; admin_label=&#8221;Immagine&#8221; _builder_version=&#8221;4.16&#8243; custom_css_main_element=&#8221;position: absolute;||z-index: 300;||margin-top: -150px;&#8221; use_border_color=&#8221;off&#8221; border_color=&#8221;#ffffff&#8221; border_style=&#8221;solid&#8221; animation=&#8221;off&#8221; sticky=&#8221;off&#8221; always_center_on_mobile=&#8221;on&#8221; global_colors_info=&#8221;{}&#8221;][\/et_pb_image][et_pb_image src=&#8221;https:\/\/www.dr-fischer.it\/wp-content\/uploads\/2019\/06\/dr-thomas-fischer-dentista-trieste.jpg&#8221; align=&#8221;center&#8221; disabled_on=&#8221;off|off|on&#8221; _builder_version=&#8221;4.16&#8243; custom_margin=&#8221;-20%||||false|false&#8221; global_colors_info=&#8221;{}&#8221;][\/et_pb_image][\/et_pb_column][\/et_pb_row][et_pb_row padding_mobile=&#8221;off&#8221; column_padding_mobile=&#8221;on&#8221; disabled_on=&#8221;off|off|off&#8221; admin_label=&#8221;Riga&#8221; _builder_version=&#8221;4.16&#8243; background_size=&#8221;initial&#8221; background_position=&#8221;top_left&#8221; background_repeat=&#8221;repeat&#8221; make_fullwidth=&#8221;off&#8221; use_custom_width=&#8221;off&#8221; width_unit=&#8221;on&#8221; global_colors_info=&#8221;{}&#8221;][et_pb_column type=&#8221;4_4&#8243; _builder_version=&#8221;4.16&#8243; custom_padding=&#8221;|||&#8221; global_colors_info=&#8221;{}&#8221; custom_padding__hover=&#8221;|||&#8221;][et_pb_menu menu_style=&#8221;centered&#8221; cart_icon_color=&#8221;#fc9649&#8243; search_icon_color=&#8221;#fc9649&#8243; menu_icon_color=&#8221;#fc9649&#8243; _builder_version=&#8221;4.16&#8243; menu_font=&#8221;Montserrat||||||||&#8221; menu_font_size=&#8221;20px&#8221; global_colors_info=&#8221;{}&#8221;][\/et_pb_menu][et_pb_menu menu_style=&#8221;centered&#8221; active_link_color=&#8221;#FFFFFF&#8221; dropdown_menu_bg_color=&#8221;#FFFFFF&#8221; dropdown_menu_line_color=&#8221;#FFFFFF&#8221; dropdown_menu_text_color=&#8221;#FFFFFF&#8221; dropdown_menu_active_link_color=&#8221;#FFFFFF&#8221; mobile_menu_bg_color=&#8221;#FFFFFF&#8221; mobile_menu_text_color=&#8221;#FFFFFF&#8221; cart_icon_color=&#8221;#FFFFFF&#8221; search_icon_color=&#8221;#FFFFFF&#8221; menu_icon_color=&#8221;#FFFFFF&#8221; disabled_on=&#8221;off|off|on&#8221; _builder_version=&#8221;4.16&#8243; menu_font=&#8221;Montserrat||||||||&#8221; menu_text_color=&#8221;#FFFFFF&#8221; menu_font_size=&#8221;20px&#8221; global_colors_info=&#8221;{}&#8221;][\/et_pb_menu][\/et_pb_column][\/et_pb_row][\/et_pb_section][et_pb_section fb_built=&#8221;1&#8243; admin_label=&#8221;section&#8221; _builder_version=&#8221;4.16&#8243; z_index=&#8221;1&#8243; custom_padding=&#8221;0px||0px|&#8221; custom_padding_tablet=&#8221;0px||0px|&#8221; da_disable_devices=&#8221;off|off|off&#8221; transparent_background=&#8221;off&#8221; padding_mobile=&#8221;on&#8221; global_colors_info=&#8221;{}&#8221; da_is_popup=&#8221;off&#8221; da_exit_intent=&#8221;off&#8221; da_has_close=&#8221;on&#8221; da_alt_close=&#8221;off&#8221; da_dark_close=&#8221;off&#8221; da_not_modal=&#8221;on&#8221; da_is_singular=&#8221;off&#8221; da_with_loader=&#8221;off&#8221; da_has_shadow=&#8221;on&#8221;][et_pb_row column_structure=&#8221;1_4,1_4,1_4,1_4&#8243; use_custom_gutter=&#8221;on&#8221; gutter_width=&#8221;1&#8243; padding_mobile=&#8221;on&#8221; make_equal=&#8221;on&#8221; column_padding_mobile=&#8221;on&#8221; admin_label=&#8221;row&#8221; module_class=&#8221; et_pb_row_fullwidth&#8221; _builder_version=&#8221;4.16&#8243; background_size=&#8221;initial&#8221; background_position=&#8221;top_left&#8221; background_repeat=&#8221;repeat&#8221; width=&#8221;100%&#8221; width_tablet=&#8221;100%&#8221; width_phone=&#8221;&#8221; width_last_edited=&#8221;on|desktop&#8221; max_width=&#8221;100%&#8221; max_width_tablet=&#8221;100%&#8221; max_width_phone=&#8221;&#8221; max_width_last_edited=&#8221;on|desktop&#8221; custom_margin=&#8221;0px||0px|&#8221; custom_padding=&#8221;0px||0px|&#8221; make_fullwidth=&#8221;on&#8221; global_colors_info=&#8221;{}&#8221;][et_pb_column type=&#8221;1_4&#8243; _builder_version=&#8221;4.16&#8243; custom_padding=&#8221;|2%||2%&#8221; global_colors_info=&#8221;{}&#8221; custom_padding__hover=&#8221;|||&#8221;][et_pb_image src=&#8221;https:\/\/www.dr-fischer.it\/wp-content\/uploads\/2016\/11\/dr-thomas-fischer.jpg&#8221; align=&#8221;center&#8221; force_fullwidth=&#8221;on&#8221; align_tablet=&#8221;center&#8221; align_phone=&#8221;&#8221; align_last_edited=&#8221;on|desktop&#8221; admin_label=&#8221;Immagine&#8221; _builder_version=&#8221;4.16&#8243; custom_margin=&#8221;10%|10%|10%|10%&#8221; animation_style=&#8221;fade&#8221; animation_duration=&#8221;500ms&#8221; custom_css_main_element=&#8221;border-radius: 25px;||overflow: hidden;&#8221; use_border_color=&#8221;off&#8221; global_colors_info=&#8221;{}&#8221;]<\/p>\n<p>[\/et_pb_image][\/et_pb_column][et_pb_column type=&#8221;1_4&#8243; _builder_version=&#8221;4.16&#8243; custom_padding=&#8221;|2%||2%&#8221; global_colors_info=&#8221;{}&#8221; custom_padding__hover=&#8221;|||&#8221;][et_pb_text admin_label=&#8221;Testo&#8221; _builder_version=&#8221;4.16&#8243; background_size=&#8221;initial&#8221; background_position=&#8221;top_left&#8221; background_repeat=&#8221;repeat&#8221; custom_margin=&#8221;10%|10%|10%|10%&#8221; use_border_color=&#8221;off&#8221; border_color=&#8221;#ffffff&#8221; border_style=&#8221;solid&#8221; global_colors_info=&#8221;{}&#8221;]<\/p>\n<h2>Dr. Thomas Fischer<\/h2>\n<p>Odontologiste titulaire du cabinet<\/p>\n<p>[\/et_pb_text][et_pb_toggle title=&#8221;Curriculum Dottor Thomas Fischer&#8221; _builder_version=&#8221;4.16&#8243; background_size=&#8221;initial&#8221; background_position=&#8221;top_left&#8221; background_repeat=&#8221;repeat&#8221; use_border_color=&#8221;off&#8221; border_color=&#8221;#ffffff&#8221; border_style=&#8221;solid&#8221; global_colors_info=&#8221;{}&#8221;]Ma\u00eetrise en odontologie et proth\u00e8se dentaire \u00e0 l\u2019Universit\u00e9 de Regensburg, doctorat \u00e0 l\u2019Institut pour Laser en M\u00e9decine (ILM) de l\u2019Universit\u00e9 de ULM, exp\u00e9rience clinique de 30 ans, associ\u00e9 du I-load Study Club et de l\u2019AIO (Association Italienne Odontologistes), il a fr\u00e9quent\u00e9 et il continue de fr\u00e9quenter des cours de perfectionnement dans les diff\u00e9rents secteurs de l\u2019odontologie en Italie et \u00e0 l\u2019\u00e9tranger avec de grands professionnels parmi lesquels:<\/p>\n<ul>\n<li>cours triennal en hypnose m\u00e9dicale avec le Dr. Volker Reindl Augsburg,<\/li>\n<li>implantologie ed implanto- proth\u00e8se avec le Prof. Marco Degidi Bologna,<\/li>\n<li>parodontie avec le Prof. Giorgio Santarelli de Milan,<\/li>\n<li>orthognatodontie avec le Prof. Gabriele Galassini,<\/li>\n<li>radiologie et r\u00e9sonance magn\u00e9tique nucl\u00e9aire (RMN) de l\u2019articulation temporo-mandibulaire avec le Prof. Luigi Grazioli, Brescia,<\/li>\n<li>gnathologie et physioth\u00e9rapie gnathologique avec le Prof. Marco Martini, Roma,<\/li>\n<li>cours de anatomie cranio-mandibulaire \u00e0 <a href=\"https:\/\/www.parisdescartes.fr\/\">l\u2019Universit\u00e9 Decartes, Parigi<\/a>,<\/li>\n<li>cours de\u00a0Digital Smile Design\u00a0et implantologie num\u00e9rique guid\u00e9e avec le  Prof. Stefano Granata de Modena.<\/li>\n<li>Mast\u00e8re biennal de II\u00e8me niveau en gnathologie \u00e0 l\u2019Universit\u00e0 \u201cLa Sapienza\u201d\u00a0de Rome.<\/li>\n<\/ul>\n<p>Membro di:<\/p>\n<p class=\"western\"><strong><span color=\"#000000\" style=\"color: #000000;\"><span face=\"Arial, sans-serif\" style=\"font-family: Arial, sans-serif;\">DGFDT &#8211; Deutsche Gesellschaft f\u00fcr Funktionsdiagnostik und Therapie<\/span><\/span><\/strong><span color=\"#000000\" style=\"color: #000000;\"><span face=\"Arial, sans-serif\" style=\"font-family: Arial, sans-serif;\"><br \/>\n<\/span><\/span><strong><span color=\"#000000\" style=\"color: #000000;\"><span face=\"Arial, sans-serif\" style=\"font-family: Arial, sans-serif;\">AMG &#8211; Alumni Master Gnatologia<\/span><\/span><\/strong><span color=\"#000000\" style=\"color: #000000;\"><span face=\"Arial, sans-serif\" style=\"font-family: Arial, sans-serif;\"><br \/>\n<\/span><\/span><strong><span color=\"#000000\" style=\"color: #000000;\"><span face=\"Arial, sans-serif\" style=\"font-family: Arial, sans-serif;\">AIG &#8211; Associazione Italiana Gnatologia<\/span><\/span><\/strong><span color=\"#000000\" style=\"color: #000000;\"><span face=\"Arial, sans-serif\" style=\"font-family: Arial, sans-serif;\"><br \/>\n<\/span><\/span><strong><span color=\"#000000\" style=\"color: #000000;\"><span face=\"Arial, sans-serif\" style=\"font-family: Arial, sans-serif;\">iLOAD \u2013 Gruppo di Studio del Carico Immediato in Implanologia<\/span><\/span><\/strong><span color=\"#000000\" style=\"color: #000000;\"><span face=\"Arial, sans-serif\" style=\"font-family: Arial, sans-serif;\"><br \/>\n<\/span><\/span><strong><span color=\"#000000\" style=\"color: #000000;\"><span face=\"Arial, sans-serif\" style=\"font-family: Arial, sans-serif;\">AIO &#8211; Associazione Italiana Odontoiatri<\/span><\/span><\/strong><\/p>\n<p>[\/et_pb_toggle][\/et_pb_column][et_pb_column type=&#8221;1_4&#8243; _builder_version=&#8221;4.16&#8243; custom_padding=&#8221;|2%||2%&#8221; global_colors_info=&#8221;{}&#8221; custom_padding__hover=&#8221;|||&#8221;][et_pb_image src=&#8221;https:\/\/www.dr-fischer.it\/wp-content\/uploads\/2025\/07\/Team-Fischer-5-1.jpg&#8221; title_text=&#8221;Team Fischer-5&#8243; align=&#8221;center&#8221; force_fullwidth=&#8221;on&#8221; align_tablet=&#8221;center&#8221; align_phone=&#8221;&#8221; align_last_edited=&#8221;on|desktop&#8221; admin_label=&#8221;Immagine&#8221; _builder_version=&#8221;4.27.4&#8243; custom_margin=&#8221;10%|10%|10%|10%&#8221; animation_style=&#8221;fade&#8221; animation_duration=&#8221;500ms&#8221; custom_css_main_element=&#8221;border-radius: 25px;||overflow: hidden;&#8221; use_border_color=&#8221;off&#8221; global_colors_info=&#8221;{}&#8221;]<\/p>\n<p>[\/et_pb_image][\/et_pb_column][et_pb_column type=&#8221;1_4&#8243; _builder_version=&#8221;4.16&#8243; custom_padding=&#8221;|2%||2%&#8221; global_colors_info=&#8221;{}&#8221; custom_padding__hover=&#8221;|||&#8221;][et_pb_text admin_label=&#8221;Testo&#8221; _builder_version=&#8221;4.16&#8243; background_size=&#8221;initial&#8221; background_position=&#8221;top_left&#8221; background_repeat=&#8221;repeat&#8221; custom_margin=&#8221;10%|10%|10%|10%&#8221; use_border_color=&#8221;off&#8221; border_color=&#8221;#ffffff&#8221; border_style=&#8221;solid&#8221; global_colors_info=&#8221;{}&#8221;]<\/p>\n<h2><span>Dottoressa Adelaide Zettin<\/span><\/h2>\n<p>Odontologiste, sp\u00e9cialiste en p\u00e9dodontie<\/p>\n<p>[\/et_pb_text][et_pb_toggle title=&#8221;Curriculum Dottoressa Adelaide Zettin&#8221; _builder_version=&#8221;4.16&#8243; background_size=&#8221;initial&#8221; background_position=&#8221;top_left&#8221; background_repeat=&#8221;repeat&#8221; use_border_color=&#8221;off&#8221; border_color=&#8221;#ffffff&#8221; border_style=&#8221;solid&#8221; global_colors_info=&#8221;{}&#8221;]<\/p>\n<p class=\"elementToProof\">Dipl\u00f4m\u00e9e en 2020 en Odontologie et Proth\u00e8se Dentaire \u00e0 l\u2019Universit\u00e9 de Trieste.<\/p>\n<p class=\"elementToProof\">Toujours engag\u00e9e dans sa formation continue, elle a suivi des cours th\u00e9oriques et pratiques en dentisterie conservatrice avec le Dr Andrea Franz\u00f2, en implantologie avec le Dr Rodolfo Blasone et en proth\u00e8se dentaire avec le Dr Ignazio Loi.<\/p>\n<p class=\"elementToProof\">Elle est la Directrice Sanitaire de notre cabinet.<\/p>\n<p>[\/et_pb_toggle][\/et_pb_column][\/et_pb_row][et_pb_row column_structure=&#8221;1_3,1_3,1_3&#8243; use_custom_gutter=&#8221;on&#8221; gutter_width=&#8221;0&#8243; padding_mobile=&#8221;on&#8221; make_equal=&#8221;on&#8221; column_padding_mobile=&#8221;on&#8221; disabled_on=&#8221;off|off|off&#8221; admin_label=&#8221;row&#8221; module_class=&#8221; et_pb_row_fullwidth&#8221; _builder_version=&#8221;4.16&#8243; background_size=&#8221;initial&#8221; background_position=&#8221;top_left&#8221; background_repeat=&#8221;repeat&#8221; width=&#8221;100%&#8221; width_tablet=&#8221;100%&#8221; width_phone=&#8221;&#8221; width_last_edited=&#8221;on|desktop&#8221; max_width=&#8221;100%&#8221; max_width_tablet=&#8221;100%&#8221; max_width_phone=&#8221;&#8221; max_width_last_edited=&#8221;on|desktop&#8221; custom_margin=&#8221;0px||0px|&#8221; custom_padding=&#8221;0px||0px|&#8221; make_fullwidth=&#8221;on&#8221; global_colors_info=&#8221;{}&#8221;][et_pb_column type=&#8221;1_3&#8243; _builder_version=&#8221;4.16&#8243; custom_padding=&#8221;|2%||2%&#8221; global_colors_info=&#8221;{}&#8221; custom_padding__hover=&#8221;|||&#8221;][et_pb_image src=&#8221;https:\/\/www.dr-fischer.it\/wp-content\/uploads\/2018\/07\/maria-giulia-lorenzon-dr-fischer.jpg&#8221; align=&#8221;center&#8221; force_fullwidth=&#8221;on&#8221; align_tablet=&#8221;center&#8221; align_phone=&#8221;&#8221; align_last_edited=&#8221;on|desktop&#8221; admin_label=&#8221;Immagine&#8221; _builder_version=&#8221;4.16&#8243; custom_margin=&#8221;10%|10%|10%|10%&#8221; animation_style=&#8221;fade&#8221; animation_duration=&#8221;500ms&#8221; custom_css_main_element=&#8221;border-radius: 25px;||overflow: hidden;&#8221; use_border_color=&#8221;off&#8221; global_colors_info=&#8221;{}&#8221;]<\/p>\n<p>[\/et_pb_image][et_pb_text admin_label=&#8221;Testo&#8221; _builder_version=&#8221;4.16&#8243; background_size=&#8221;initial&#8221; background_position=&#8221;top_left&#8221; background_repeat=&#8221;repeat&#8221; custom_margin=&#8221;10%|10%|10%|10%&#8221; use_border_color=&#8221;off&#8221; border_color=&#8221;#ffffff&#8221; border_style=&#8221;solid&#8221; global_colors_info=&#8221;{}&#8221;]<\/p>\n<h2>Docteur Maria Giulia Lorenzon<\/h2>\n<p>Hygi\u00e9niste dentaire<\/p>\n<p>[\/et_pb_text][et_pb_toggle title=&#8221;Curriculum Dott.ssa Maria Giulia Lorenzon&#8221; _builder_version=&#8221;4.16&#8243; background_size=&#8221;initial&#8221; background_position=&#8221;top_left&#8221; background_repeat=&#8221;repeat&#8221; use_border_color=&#8221;off&#8221; global_colors_info=&#8221;{}&#8221;]<\/p>\n<p>Docteur en hygi\u00e8ne dentaire  \u00e0 l\u2019Universit\u00e9 de Trieste. Professeur \u00e0 l\u2019Universit\u00e9 de Trieste depuis 2014. Elle fr\u00e9quente r\u00e9guli\u00e8rement des cours de formation, parmi lesquels le cours de th\u00e9orie et pratique en th\u00e9rapie parodontale non chirurgienne pour l\u2019\u00e9quipe odontologique Periocampus \u00e0 Pise. Elle a contribu\u00e9 \u00e0 diff\u00e9rents congr\u00e8s r\u00e9gionaux et nationaux, elle est vainqueur de la section d\u2019hygi\u00e8ne dentaire \u00e0 l\u2019Assembl\u00e9e des Professeurs universitaires d\u2019odontologie en 2015 et co-auteur d\u2019articles scientifiques publi\u00e9s sur des revues nationales et internationales.<\/p>\n<p>[\/et_pb_toggle][\/et_pb_column][et_pb_column type=&#8221;1_3&#8243; _builder_version=&#8221;4.16&#8243; custom_padding=&#8221;|2%||2%&#8221; global_colors_info=&#8221;{}&#8221; custom_padding__hover=&#8221;|||&#8221;][et_pb_image src=&#8221;https:\/\/www.dr-fischer.it\/wp-content\/uploads\/2025\/07\/Team-Fischer-7-1.jpg&#8221; title_text=&#8221;Team Fischer-7&#8243; align=&#8221;center&#8221; force_fullwidth=&#8221;on&#8221; align_tablet=&#8221;center&#8221; align_phone=&#8221;&#8221; align_last_edited=&#8221;on|desktop&#8221; admin_label=&#8221;Immagine&#8221; _builder_version=&#8221;4.27.4&#8243; custom_margin=&#8221;10%|10%|10%|10%&#8221; animation_style=&#8221;fade&#8221; animation_duration=&#8221;500ms&#8221; custom_css_main_element=&#8221;border-radius: 25px;||overflow: hidden;&#8221; use_border_color=&#8221;off&#8221; global_colors_info=&#8221;{}&#8221;]<\/p>\n<p>[\/et_pb_image][et_pb_text admin_label=&#8221;Testo&#8221; _builder_version=&#8221;4.27.4&#8243; background_size=&#8221;initial&#8221; background_position=&#8221;top_left&#8221; background_repeat=&#8221;repeat&#8221; custom_margin=&#8221;10%|10%|10%|10%&#8221; use_border_color=&#8221;off&#8221; border_color=&#8221;#ffffff&#8221; border_style=&#8221;solid&#8221; global_colors_info=&#8221;{}&#8221;]<\/p>\n<h2>Dott.ssa Gioia Semez<\/h2>\n<p>Hygi\u00e9niste dentaire<\/p>\n<p>[\/et_pb_text][et_pb_toggle title=&#8221;Curriculum Dott.ssa Gioia Semez&#8221; _builder_version=&#8221;4.27.4&#8243; background_size=&#8221;initial&#8221; background_position=&#8221;top_left&#8221; background_repeat=&#8221;repeat&#8221; use_border_color=&#8221;off&#8221; global_colors_info=&#8221;{}&#8221;]<\/p>\n<p>Dipl\u00f4m\u00e9e avec mention en 2017 en Hygi\u00e8ne Dentaire \u00e0 l\u2019Universit\u00e9 de Trieste.<\/p>\n<p>Elle est tutrice et charg\u00e9e de cours \u00e0 contrat \u00e0 l\u2019Universit\u00e9 de Trieste.<\/p>\n<p>Elle a suivi un cours de perfectionnement sur les patients porteurs d\u2019implants \u00e0 Padoue.<\/p>\n<p>Elle participe r\u00e9guli\u00e8rement \u00e0 des formations continues.<\/p>\n<p>Membre de la SIdP (Soci\u00e9t\u00e9 Italienne de Parodontologie).<\/p>\n<p>[\/et_pb_toggle][\/et_pb_column][et_pb_column type=&#8221;1_3&#8243; _builder_version=&#8221;4.16&#8243; custom_padding=&#8221;|2%||2%&#8221; global_colors_info=&#8221;{}&#8221; custom_padding__hover=&#8221;|||&#8221;][et_pb_image src=&#8221;https:\/\/www.dr-fischer.it\/wp-content\/uploads\/2025\/07\/Team-Fischer-4-1.jpg&#8221; title_text=&#8221;Team Fischer-4&#8243; align=&#8221;center&#8221; force_fullwidth=&#8221;on&#8221; align_tablet=&#8221;center&#8221; align_phone=&#8221;&#8221; align_last_edited=&#8221;on|desktop&#8221; admin_label=&#8221;Immagine&#8221; _builder_version=&#8221;4.27.4&#8243; custom_margin=&#8221;10%|10%|10%|10%&#8221; animation_style=&#8221;fade&#8221; animation_duration=&#8221;500ms&#8221; custom_css_main_element=&#8221;border-radius: 25px;||overflow: hidden;&#8221; use_border_color=&#8221;off&#8221; global_colors_info=&#8221;{}&#8221;]<\/p>\n<p>[\/et_pb_image][et_pb_text admin_label=&#8221;Testo&#8221; _builder_version=&#8221;4.27.4&#8243; background_size=&#8221;initial&#8221; background_position=&#8221;top_left&#8221; background_repeat=&#8221;repeat&#8221; custom_margin=&#8221;10%|10%|10%|10%&#8221; use_border_color=&#8221;off&#8221; border_color=&#8221;#ffffff&#8221; border_style=&#8221;solid&#8221; global_colors_info=&#8221;{}&#8221;]<\/p>\n<h2>Dott.ssa Francesca Vittor<\/h2>\n<p>Hygi\u00e9niste dentaire<\/p>\n<p>[\/et_pb_text][et_pb_toggle title=&#8221;Curriculum Dott.ssa Francesca Vittor&#8221; _builder_version=&#8221;4.16&#8243; background_size=&#8221;initial&#8221; background_position=&#8221;top_left&#8221; background_repeat=&#8221;repeat&#8221; use_border_color=&#8221;off&#8221; global_colors_info=&#8221;{}&#8221;]<\/p>\n<p class=\"western\" align=\"justify\">Curriculum in arrivo<\/p>\n<p>[\/et_pb_toggle][\/et_pb_column][\/et_pb_row][et_pb_row column_structure=&#8221;1_3,1_3,1_3&#8243; use_custom_gutter=&#8221;on&#8221; gutter_width=&#8221;0&#8243; padding_mobile=&#8221;on&#8221; make_equal=&#8221;on&#8221; column_padding_mobile=&#8221;on&#8221; disabled_on=&#8221;off|off|off&#8221; admin_label=&#8221;row&#8221; module_class=&#8221; et_pb_row_fullwidth&#8221; _builder_version=&#8221;4.16&#8243; background_size=&#8221;initial&#8221; background_position=&#8221;top_left&#8221; background_repeat=&#8221;repeat&#8221; width=&#8221;100%&#8221; width_tablet=&#8221;100%&#8221; width_phone=&#8221;&#8221; width_last_edited=&#8221;on|desktop&#8221; max_width=&#8221;100%&#8221; max_width_tablet=&#8221;100%&#8221; max_width_phone=&#8221;&#8221; max_width_last_edited=&#8221;on|desktop&#8221; custom_margin=&#8221;0px||0px|&#8221; custom_padding=&#8221;0px||0px|&#8221; make_fullwidth=&#8221;on&#8221; global_colors_info=&#8221;{}&#8221;][et_pb_column type=&#8221;1_3&#8243; _builder_version=&#8221;4.16&#8243; custom_padding=&#8221;|2%||2%&#8221; global_colors_info=&#8221;{}&#8221; custom_padding__hover=&#8221;|||&#8221;][et_pb_image src=&#8221;https:\/\/www.dr-fischer.it\/wp-content\/uploads\/2016\/11\/Paola-Rodella-dr-fischer.jpg&#8221; align=&#8221;center&#8221; force_fullwidth=&#8221;on&#8221; align_tablet=&#8221;center&#8221; align_phone=&#8221;&#8221; align_last_edited=&#8221;on|desktop&#8221; admin_label=&#8221;Immagine&#8221; _builder_version=&#8221;4.16&#8243; custom_margin=&#8221;10%|10%|10%|10%&#8221; animation_style=&#8221;fade&#8221; animation_duration=&#8221;500ms&#8221; custom_css_main_element=&#8221;border-radius: 25px;||overflow: hidden;&#8221; use_border_color=&#8221;off&#8221; global_colors_info=&#8221;{}&#8221;]<\/p>\n<p>[\/et_pb_image][et_pb_text admin_label=&#8221;Testo&#8221; _builder_version=&#8221;4.16&#8243; background_size=&#8221;initial&#8221; background_position=&#8221;top_left&#8221; background_repeat=&#8221;repeat&#8221; custom_margin=&#8221;10%|10%|10%|10%&#8221; use_border_color=&#8221;off&#8221; border_color=&#8221;#ffffff&#8221; border_style=&#8221;solid&#8221; global_colors_info=&#8221;{}&#8221;]<\/p>\n<h2>Paola Rodella<\/h2>\n<p>Assistante dentaire<\/p>\n<p>[\/et_pb_text][et_pb_toggle title=&#8221;Curriculum Paola Rodella&#8221; _builder_version=&#8221;4.16&#8243; background_size=&#8221;initial&#8221; background_position=&#8221;top_left&#8221; background_repeat=&#8221;repeat&#8221; custom_padding=&#8221;|2%||2%&#8221; use_border_color=&#8221;off&#8221; border_color=&#8221;#ffffff&#8221; border_style=&#8221;solid&#8221; global_colors_info=&#8221;{}&#8221;]<\/p>\n<p>Dipl\u00f4m\u00e9e au Lyc\u00e9e Socio-Sanitaire, elle travaille dans le domaine dentaire depuis l\u2019an 2000 et dans notre cabinet depuis 2001.<br \/>\nElle s&#8217;occupe principalement des relations avec les fournisseurs et l&#8217;organisation, mais elle travaille aussi comme assistante dentaire. Elle a suivi des cours en communication et gestion de cabinet dentaire.<\/p>\n<p>[\/et_pb_toggle][\/et_pb_column][et_pb_column type=&#8221;1_3&#8243; _builder_version=&#8221;4.16&#8243; custom_padding=&#8221;|2%||2%&#8221; global_colors_info=&#8221;{}&#8221; custom_padding__hover=&#8221;|||&#8221;][et_pb_image src=&#8221;https:\/\/www.dr-fischer.it\/wp-content\/uploads\/2016\/11\/Antonella-dElia-dr-fischer.jpg&#8221; align=&#8221;center&#8221; force_fullwidth=&#8221;on&#8221; align_tablet=&#8221;center&#8221; align_phone=&#8221;&#8221; align_last_edited=&#8221;on|desktop&#8221; admin_label=&#8221;Immagine&#8221; _builder_version=&#8221;4.16&#8243; custom_margin=&#8221;10%|10%|10%|10%&#8221; animation_style=&#8221;fade&#8221; animation_duration=&#8221;500ms&#8221; custom_css_main_element=&#8221;border-radius: 25px;||overflow: hidden;&#8221; use_border_color=&#8221;off&#8221; global_colors_info=&#8221;{}&#8221;]<\/p>\n<p>[\/et_pb_image][et_pb_text admin_label=&#8221;Testo&#8221; _builder_version=&#8221;4.16&#8243; background_size=&#8221;initial&#8221; background_position=&#8221;top_left&#8221; background_repeat=&#8221;repeat&#8221; custom_margin=&#8221;10%|10%|10%|10%&#8221; use_border_color=&#8221;off&#8221; border_color=&#8221;#ffffff&#8221; border_style=&#8221;solid&#8221; global_colors_info=&#8221;{}&#8221;]<\/p>\n<h2>Antonella D\u2019Elia<\/h2>\n<p>Assistante dentaire<\/p>\n<p>[\/et_pb_text][et_pb_toggle title=&#8221;Curriculum Antonella D\u2019Elia&#8221; _builder_version=&#8221;4.16&#8243; background_size=&#8221;initial&#8221; background_position=&#8221;top_left&#8221; background_repeat=&#8221;repeat&#8221; custom_padding=&#8221;|2%||2%&#8221; use_border_color=&#8221;off&#8221; border_color=&#8221;#ffffff&#8221; border_style=&#8221;solid&#8221; global_colors_info=&#8221;{}&#8221;]<\/p>\n<p>Dipl\u00f4m\u00e9e en comptabilit\u00e9, elle travaille dans le domaine dentaire depuis 2005 et dans notre cabinet depuis 2010.<br \/>\nElle s&#8217;occupe principalement de comptabilit\u00e9, de secr\u00e9tariat et d&#8217;administration, mais elle travaille aussi comme assistante dentaire. Elle a suivi des cours en communication et gestion de cabinet dentaire.<\/p>\n<p>[\/et_pb_toggle][\/et_pb_column][et_pb_column type=&#8221;1_3&#8243; _builder_version=&#8221;4.16&#8243; custom_padding=&#8221;|2%||2%&#8221; global_colors_info=&#8221;{}&#8221; custom_padding__hover=&#8221;|||&#8221;][et_pb_image src=&#8221;https:\/\/www.dr-fischer.it\/wp-content\/uploads\/2016\/11\/Eleonora-dr-fischer.jpg&#8221; align=&#8221;center&#8221; force_fullwidth=&#8221;on&#8221; align_tablet=&#8221;center&#8221; align_phone=&#8221;&#8221; align_last_edited=&#8221;on|desktop&#8221; admin_label=&#8221;Immagine&#8221; module_id=&#8221;Eleonora&#8221; _builder_version=&#8221;4.16&#8243; custom_margin=&#8221;10%|10%|10%|10%&#8221; animation_style=&#8221;fade&#8221; animation_duration=&#8221;500ms&#8221; custom_css_main_element=&#8221;border-radius: 25px;||overflow: hidden;&#8221; use_border_color=&#8221;off&#8221; global_colors_info=&#8221;{}&#8221;]<\/p>\n<p>[\/et_pb_image][et_pb_text admin_label=&#8221;Testo&#8221; _builder_version=&#8221;4.16&#8243; background_size=&#8221;initial&#8221; background_position=&#8221;top_left&#8221; background_repeat=&#8221;repeat&#8221; custom_margin=&#8221;10%|10%|10%|10%&#8221; use_border_color=&#8221;off&#8221; border_color=&#8221;#ffffff&#8221; border_style=&#8221;solid&#8221; global_colors_info=&#8221;{}&#8221;]<\/p>\n<h2>Eleonora Serazin<\/h2>\n<p>Assistante dentaire<\/p>\n<p>[\/et_pb_text][et_pb_toggle title=&#8221;Curriculum Eleonora Serazin&#8221; _builder_version=&#8221;4.16&#8243; background_size=&#8221;initial&#8221; background_position=&#8221;top_left&#8221; background_repeat=&#8221;repeat&#8221; custom_padding=&#8221;|2%||2%&#8221; use_border_color=&#8221;off&#8221; border_color=&#8221;#ffffff&#8221; border_style=&#8221;solid&#8221; global_colors_info=&#8221;{}&#8221;]<\/p>\n<p>Dipl\u00f4m\u00e9e au Lyc\u00e9e Socio-Sanitaire, elle travaille dans le domaine dentaire depuis 2016 et dans notre cabinet depuis 2017.<br \/>\nElle s&#8217;occupe principalement de l&#8217;assistance dentaire, de la d\u00e9sinfection et de la st\u00e9rilisation, et, bien s\u00fbr, du rangement.<\/p>\n<p>[\/et_pb_toggle][\/et_pb_column][\/et_pb_row][et_pb_row column_structure=&#8221;1_3,1_3,1_3&#8243; use_custom_gutter=&#8221;on&#8221; gutter_width=&#8221;0&#8243; padding_mobile=&#8221;on&#8221; make_equal=&#8221;on&#8221; column_padding_mobile=&#8221;on&#8221; disabled_on=&#8221;off|off|off&#8221; admin_label=&#8221;row&#8221; module_class=&#8221; et_pb_row_fullwidth&#8221; _builder_version=&#8221;4.16&#8243; background_size=&#8221;initial&#8221; background_position=&#8221;top_left&#8221; background_repeat=&#8221;repeat&#8221; width=&#8221;100%&#8221; width_tablet=&#8221;100%&#8221; width_phone=&#8221;&#8221; width_last_edited=&#8221;on|desktop&#8221; max_width=&#8221;100%&#8221; max_width_tablet=&#8221;100%&#8221; max_width_phone=&#8221;&#8221; max_width_last_edited=&#8221;on|desktop&#8221; custom_margin=&#8221;0px||0px|&#8221; custom_padding=&#8221;0px||0px|&#8221; make_fullwidth=&#8221;on&#8221; global_colors_info=&#8221;{}&#8221;][et_pb_column type=&#8221;1_3&#8243; _builder_version=&#8221;4.16&#8243; custom_padding=&#8221;|2%||2%&#8221; global_colors_info=&#8221;{}&#8221; custom_padding__hover=&#8221;|||&#8221;][et_pb_image src=&#8221;https:\/\/www.dr-fischer.it\/wp-content\/uploads\/2025\/07\/Team-Fischer-1-1.jpg&#8221; title_text=&#8221;Team Fischer-1&#8243; align=&#8221;center&#8221; force_fullwidth=&#8221;on&#8221; align_tablet=&#8221;center&#8221; align_phone=&#8221;&#8221; align_last_edited=&#8221;on|desktop&#8221; admin_label=&#8221;Immagine&#8221; _builder_version=&#8221;4.27.4&#8243; custom_margin=&#8221;10%|10%|10%|10%&#8221; animation_style=&#8221;fade&#8221; animation_duration=&#8221;500ms&#8221; custom_css_main_element=&#8221;border-radius: 25px;||overflow: hidden;&#8221; use_border_color=&#8221;off&#8221; global_colors_info=&#8221;{}&#8221;]<\/p>\n<p>[\/et_pb_image][et_pb_text admin_label=&#8221;Testo&#8221; _builder_version=&#8221;4.16&#8243; background_size=&#8221;initial&#8221; background_position=&#8221;top_left&#8221; background_repeat=&#8221;repeat&#8221; custom_margin=&#8221;10%|10%|10%|10%&#8221; use_border_color=&#8221;off&#8221; border_color=&#8221;#ffffff&#8221; border_style=&#8221;solid&#8221; global_colors_info=&#8221;{}&#8221;]<\/p>\n<h2>Giulia Castellano<\/h2>\n<p>Assistante dentaire<\/p>\n<p>[\/et_pb_text][et_pb_toggle title=&#8221;Curriculum Giulia Castellano&#8221; _builder_version=&#8221;4.27.4&#8243; background_size=&#8221;initial&#8221; background_position=&#8221;top_left&#8221; background_repeat=&#8221;repeat&#8221; custom_padding=&#8221;|2%||2%&#8221; use_border_color=&#8221;off&#8221; border_color=&#8221;#ffffff&#8221; border_style=&#8221;solid&#8221; global_colors_info=&#8221;{}&#8221;]<\/p>\n<p data-start=\"4025\" data-end=\"4460\">Giulia Castellano a obtenu son dipl\u00f4me en sciences biologiques et sanitaires \u00e0 l\u2019I.T.A.S. Deledda.<\/p>\n<p data-start=\"4025\" data-end=\"4460\">Depuis le 9 juin 2020, elle travaille comme assistante dentaire au cabinet du Dr Fischer, o\u00f9 elle apporte un soutien quotidien au dentiste et assiste les patients.<\/p>\n<p data-start=\"4025\" data-end=\"4460\">Pour maintenir ses comp\u00e9tences \u00e0 jour et garantir un service professionnel de qualit\u00e9, elle suit r\u00e9guli\u00e8rement des formations annuelles pour assistants de cabinet dentaire.<\/p>\n<h3 data-section-id=\"16ppyo1\" data-start=\"4462\" data-end=\"4479\"><\/h3>\n<p>[\/et_pb_toggle][\/et_pb_column][et_pb_column type=&#8221;1_3&#8243; _builder_version=&#8221;4.16&#8243; custom_padding=&#8221;|2%||2%&#8221; global_colors_info=&#8221;{}&#8221; custom_padding__hover=&#8221;|||&#8221;][et_pb_image src=&#8221;https:\/\/www.dr-fischer.it\/wp-content\/uploads\/2025\/07\/Team-Fischer-6-1.jpg&#8221; title_text=&#8221;Team Fischer-6&#8243; align=&#8221;center&#8221; force_fullwidth=&#8221;on&#8221; align_tablet=&#8221;center&#8221; align_phone=&#8221;&#8221; align_last_edited=&#8221;on|desktop&#8221; admin_label=&#8221;Immagine&#8221; _builder_version=&#8221;4.27.4&#8243; custom_margin=&#8221;10%|10%|10%|10%&#8221; animation_style=&#8221;fade&#8221; animation_duration=&#8221;500ms&#8221; custom_css_main_element=&#8221;border-radius: 25px;||overflow: hidden;&#8221; use_border_color=&#8221;off&#8221; global_colors_info=&#8221;{}&#8221;]<\/p>\n<p>[\/et_pb_image][et_pb_text admin_label=&#8221;Testo&#8221; _builder_version=&#8221;4.16&#8243; background_size=&#8221;initial&#8221; background_position=&#8221;top_left&#8221; background_repeat=&#8221;repeat&#8221; custom_margin=&#8221;10%|10%|10%|10%&#8221; use_border_color=&#8221;off&#8221; border_color=&#8221;#ffffff&#8221; border_style=&#8221;solid&#8221; global_colors_info=&#8221;{}&#8221;]<\/p>\n<h2>Leyda Miris Zorilla Molina<\/h2>\n<p>Assistante dentaire<\/p>\n<p>[\/et_pb_text][et_pb_toggle title=&#8221;Curriculum Leyda Miris Zorilla Molina&#8221; _builder_version=&#8221;4.27.4&#8243; background_size=&#8221;initial&#8221; background_position=&#8221;top_left&#8221; background_repeat=&#8221;repeat&#8221; custom_padding=&#8221;|2%||2%&#8221; use_border_color=&#8221;off&#8221; border_color=&#8221;#ffffff&#8221; border_style=&#8221;solid&#8221; global_colors_info=&#8221;{}&#8221;]<\/p>\n<p data-start=\"1367\" data-end=\"1941\">Leyda a obtenu son dipl\u00f4me \u00e0 La Havane, \u00e0 Cuba, et a suivi plusieurs cours professionnels certifi\u00e9s en gestion de caisse, r\u00e9daction de protocoles, \u00e9thique professionnelle et gastronomie.<\/p>\n<p data-start=\"1367\" data-end=\"1941\">Depuis le 23 janvier 2024, elle travaille dans le cabinet dentaire o\u00f9 elle accueille les patients, assiste le dentiste lors des consultations, pr\u00e9pare le mat\u00e9riel et l\u2019environnement, et organise et d\u00e9sinfecte les salles de soin.<\/p>\n<p data-start=\"1367\" data-end=\"1941\">Ses responsabilit\u00e9s incluent \u00e9galement la st\u00e9rilisation et l\u2019entretien des instruments, la gestion des stocks de mat\u00e9riel et le suivi des dates de p\u00e9remption.<\/p>\n<h3 data-section-id=\"16ppyo1\" data-start=\"1943\" data-end=\"1960\"><\/h3>\n<p>[\/et_pb_toggle][\/et_pb_column][et_pb_column type=&#8221;1_3&#8243; _builder_version=&#8221;4.16&#8243; custom_padding=&#8221;|2%||2%&#8221; global_colors_info=&#8221;{}&#8221; custom_padding__hover=&#8221;|||&#8221;][et_pb_image src=&#8221;https:\/\/www.dr-fischer.it\/wp-content\/uploads\/2025\/07\/Team-Fischer-3-1.jpg&#8221; title_text=&#8221;Team Fischer-3&#8243; align=&#8221;center&#8221; force_fullwidth=&#8221;on&#8221; align_tablet=&#8221;center&#8221; align_phone=&#8221;&#8221; align_last_edited=&#8221;on|desktop&#8221; admin_label=&#8221;Immagine&#8221; module_id=&#8221;Eleonora&#8221; _builder_version=&#8221;4.27.4&#8243; custom_margin=&#8221;10%|10%|10%|10%&#8221; animation_style=&#8221;fade&#8221; animation_duration=&#8221;500ms&#8221; custom_css_main_element=&#8221;border-radius: 25px;||overflow: hidden;&#8221; use_border_color=&#8221;off&#8221; global_colors_info=&#8221;{}&#8221;]<\/p>\n<p>[\/et_pb_image][et_pb_text admin_label=&#8221;Testo&#8221; _builder_version=&#8221;4.16&#8243; background_size=&#8221;initial&#8221; background_position=&#8221;top_left&#8221; background_repeat=&#8221;repeat&#8221; custom_margin=&#8221;10%|10%|10%|10%&#8221; use_border_color=&#8221;off&#8221; border_color=&#8221;#ffffff&#8221; border_style=&#8221;solid&#8221; global_colors_info=&#8221;{}&#8221;]<\/p>\n<h2>Vesna Zivojinovi\u0107<\/h2>\n<p>Assistante dentaire<\/p>\n<p>[\/et_pb_text][et_pb_toggle title=&#8221;Curriculum Vesna Zivojinovi\u0107&#8221; _builder_version=&#8221;4.27.4&#8243; background_size=&#8221;initial&#8221; background_position=&#8221;top_left&#8221; background_repeat=&#8221;repeat&#8221; custom_padding=&#8221;|2%||2%||true&#8221; hover_enabled=&#8221;0&#8243; use_border_color=&#8221;off&#8221; border_color=&#8221;#ffffff&#8221; border_style=&#8221;solid&#8221; global_colors_info=&#8221;{}&#8221; sticky_enabled=&#8221;0&#8243;]<\/p>\n<p data-start=\"6205\" data-end=\"6664\">Vesna Zivojinovi\u0107 travaille dans le domaine dentaire depuis 2014. Apr\u00e8s avoir suivi trois ans dans une \u00e9cole professionnelle dentaire en Autriche, elle a obtenu son dipl\u00f4me \u00e0 la Landesberufsschule de Baden.<\/p>\n<p data-start=\"6205\" data-end=\"6664\">Depuis 2025, elle fait partie de l\u2019\u00e9quipe du cabinet, o\u00f9 elle est principalement charg\u00e9e de l\u2019assistance au fauteuil dentaire, de la d\u00e9sinfection et de la st\u00e9rilisation des instruments, ainsi que de l\u2019organisation et du rangement des espaces cliniques.<\/p>\n<h3 data-section-id=\"16ppyo1\" data-start=\"6666\" data-end=\"6683\"><\/h3>\n<p>[\/et_pb_toggle][\/et_pb_column][\/et_pb_row][\/et_pb_section][et_pb_section fb_built=&#8221;1&#8243; _builder_version=&#8221;4.16&#8243; bottom_divider_style=&#8221;curve&#8221; bottom_divider_color=&#8221;#13244f&#8221; bottom_divider_height=&#8221;25px&#8221; bottom_divider_flip=&#8221;vertical&#8221; da_disable_devices=&#8221;off|off|off&#8221; global_colors_info=&#8221;{}&#8221; da_is_popup=&#8221;off&#8221; da_exit_intent=&#8221;off&#8221; da_has_close=&#8221;on&#8221; da_alt_close=&#8221;off&#8221; da_dark_close=&#8221;off&#8221; da_not_modal=&#8221;on&#8221; da_is_singular=&#8221;off&#8221; da_with_loader=&#8221;off&#8221; da_has_shadow=&#8221;on&#8221;][et_pb_row _builder_version=&#8221;4.16&#8243; background_size=&#8221;initial&#8221; background_position=&#8221;top_left&#8221; background_repeat=&#8221;repeat&#8221; global_colors_info=&#8221;{}&#8221;][et_pb_column type=&#8221;4_4&#8243; _builder_version=&#8221;4.16&#8243; custom_padding=&#8221;|||&#8221; global_colors_info=&#8221;{}&#8221; custom_padding__hover=&#8221;|||&#8221;][et_pb_text _builder_version=&#8221;4.16&#8243; text_font_size=&#8221;21&#8243; text_line_height=&#8221;1.8em&#8221; background_size=&#8221;initial&#8221; background_position=&#8221;top_left&#8221; background_repeat=&#8221;repeat&#8221; text_orientation=&#8221;center&#8221; module_alignment=&#8221;center&#8221; use_border_color=&#8221;off&#8221; global_colors_info=&#8221;{}&#8221;]<\/p>\n<p><strong>La formation constante de notre personnel et la satisfaction du client sont nos priorit\u00e9s.<br \/><\/strong>Vous trouverez ci-dessous quelques t\u00e9moignages de nos clients.<\/p>\n<p>[\/et_pb_text][et_pb_testimonial author=&#8221;Serena e Roberto&#8221; _builder_version=&#8221;4.16&#8243; background_size=&#8221;initial&#8221; background_position=&#8221;top_left&#8221; background_repeat=&#8221;repeat&#8221; use_border_color=&#8221;off&#8221; global_colors_info=&#8221;{}&#8221;]<\/p>\n<p><span lang=\"fr-FR\">Cher Dr. Fischer,<\/span><span lang=\"fr-FR\"><br \/> <\/span><span lang=\"fr-FR\">nous sommes Serena et Roberto et, en tant que fid\u00e8les patients depuis longtemps, nous souhaitons consacrer aujourd\u2019hui quelques r\u00e9flexions d\u2019appr\u00e9ciation \u00e0 votre cabinet, que nous estimons vraiment m\u00e9rit\u00e9es.<\/span><span lang=\"fr-FR\"><br \/> <\/span><span lang=\"fr-FR\">Nous nous sommes adress\u00e9s \u00e0 vous lorsque nous n\u2019\u00e9tions plus tr\u00e8s jeunes, au moment o\u00f9 nous avons eu de graves probl\u00e8mes de dents, dans l&#8217;espoir de trouver des soins de sant\u00e9 de qualit\u00e9, comp\u00e9tents, curatifs et de pr\u00e9vention. Les probl\u00e8mes que j\u2019avais moi (Serena) en particulier \u00e9taient vraiment tr\u00e8s s\u00e9v\u00e8res et je risquais d\u2019avoir la bouche (au niveau de mes dents et de mes gencives) gravement endommag\u00e9e.<\/span><\/p>\n<p><span lang=\"fr-FR\">Nos attentes ont \u00e9t\u00e9 imm\u00e9diatement et enti\u00e8rement satisfaites gr\u00e2ce \u00e0 des diagnostics exacts et \u00e0 des soins efficaces, pr\u00e9cis et ponctuels.<\/span><span lang=\"fr-FR\"><br \/> <\/span><span lang=\"fr-FR\">\u00c0 partir de ce moment, nous nous adressons r\u00e9guli\u00e8rement \u00e0 votre cabinet pour contr\u00f4ler l\u2019\u00e9tat de notre bouche (dents, gencives et os) et \u00e0 chaque fois nous recevons des soins pr\u00e9ventifs efficaces d\u00e8s l\u2019apparition des premiers sympt\u00f4mes d\u2019un probl\u00e8me.<\/span><\/p>\n<p><span lang=\"fr-FR\">Nous sommes donc pleinement satisfaits de la mani\u00e8re dont nous sommes assist\u00e9s et appr\u00e9cions fortement votre extraordinaire professionnalisme et celui de votre \u00e9quipe, constitu\u00e9 par un personnel tr\u00e8s pr\u00e9cis et comp\u00e9tent.<\/span><\/p>\n<p><span lang=\"fr-FR\">De plus, les technologies et les mat\u00e9riaux utilis\u00e9s dans les traitements sont tr\u00e8s avanc\u00e9s.<br \/> Enfin, nous voudrions \u00e9galement souligner un aspect non n\u00e9gligeable qui caract\u00e9rise non seulement vous, mais l\u2019ensemble du personnel de votre cabinet\u00a0: la grande cordialit\u00e9 et la sympathie avec lesquelles vous nous accueillez \u00e0 chaque fois, ce qui nous rend sereins, au centre de votre attention et s\u00fbrs d\u2019\u00eatre soign\u00e9s par des personnes qui aiment leur travail et qui se soucient vraiment de notre sant\u00e9.<br \/> Merci beaucoup<\/span><\/p>\n<p>[\/et_pb_testimonial][et_pb_testimonial author=&#8221;Francesco Esposito&#8221; job_title=&#8221; Col.genio trasm. ris.&#8221; _builder_version=&#8221;4.16&#8243; background_size=&#8221;initial&#8221; background_position=&#8221;top_left&#8221; background_repeat=&#8221;repeat&#8221; use_border_color=&#8221;off&#8221; border_color=&#8221;#ffffff&#8221; border_style=&#8221;solid&#8221; global_colors_info=&#8221;{}&#8221;]<\/p>\n<p><span lang=\"fr-FR\">Le Dr Fischer et son \u00e9quipe ont \u00e9t\u00e9 capables de m\u2019appliquer des proth\u00e8ses sans douleur, ce que d&#8217;autres dentistes ont refus\u00e9 de faire, proposant d&#8217;autres solutions tr\u00e8s co\u00fbteuses et douloureuses.<\/span><span lang=\"fr-FR\"><br \/> <\/span><span lang=\"fr-FR\">Que pourrait-on ajouter sur son \u00e9quipe? Toujours souriant et accueillant, on se sent imm\u00e9diatement \u00e0 l&#8217;aise.<\/span><\/p>\n<p>[\/et_pb_testimonial][et_pb_text _builder_version=&#8221;4.16&#8243; text_font_size=&#8221;21&#8243; text_line_height=&#8221;1.8em&#8221; background_size=&#8221;initial&#8221; background_position=&#8221;top_left&#8221; background_repeat=&#8221;repeat&#8221; text_orientation=&#8221;center&#8221; module_alignment=&#8221;center&#8221; use_border_color=&#8221;off&#8221; global_colors_info=&#8221;{}&#8221;]<\/p>\n<p><span lang=\"fr-FR\">Si vous recherchez d&#8217;autres avis, nous les avons rassembl\u00e9s dans la page &#8220;<\/span><span size=\"3\" style=\"font-size: medium;\"><span lang=\"fr-FR\"><b> T<\/b><\/span><\/span><span size=\"3\" style=\"font-size: medium;\"><span lang=\"fr-FR\"><b>\u00c9<\/b><\/span><\/span><span size=\"3\" style=\"font-size: medium;\"><span lang=\"fr-FR\"><b>MOIGNAGES<\/b><\/span><\/span><span lang=\"fr-FR\">&#8220;.<\/span><\/p>\n<p>[\/et_pb_text][\/et_pb_column][\/et_pb_row][\/et_pb_section][et_pb_section fb_built=&#8221;1&#8243; admin_label=&#8221;Sezione&#8221; _builder_version=&#8221;4.16&#8243; background_color=&#8221;#13244f&#8221; custom_padding=&#8221;0px||0px|&#8221; custom_padding_tablet=&#8221;0px||0px|&#8221; da_disable_devices=&#8221;off|off|off&#8221; transparent_background=&#8221;off&#8221; padding_mobile=&#8221;on&#8221; global_colors_info=&#8221;{}&#8221; da_is_popup=&#8221;off&#8221; da_exit_intent=&#8221;off&#8221; da_has_close=&#8221;on&#8221; da_alt_close=&#8221;off&#8221; da_dark_close=&#8221;off&#8221; da_not_modal=&#8221;on&#8221; da_is_singular=&#8221;off&#8221; da_with_loader=&#8221;off&#8221; da_has_shadow=&#8221;on&#8221;][et_pb_row column_structure=&#8221;1_2,1_2&#8243; use_custom_gutter=&#8221;on&#8221; gutter_width=&#8221;0&#8243; padding_mobile=&#8221;off&#8221; column_padding_mobile=&#8221;off&#8221; module_class=&#8221; et_pb_row_fullwidth&#8221; _builder_version=&#8221;4.16&#8243; background_size=&#8221;initial&#8221; background_position=&#8221;top_left&#8221; background_repeat=&#8221;repeat&#8221; width=&#8221;100%&#8221; width_tablet=&#8221;100%&#8221; width_phone=&#8221;&#8221; width_last_edited=&#8221;on|desktop&#8221; max_width=&#8221;100%&#8221; max_width_tablet=&#8221;100%&#8221; max_width_phone=&#8221;&#8221; max_width_last_edited=&#8221;on|desktop&#8221; custom_padding=&#8221;|20%||20%&#8221; make_fullwidth=&#8221;on&#8221; custom_width_px=&#8221;800px&#8221; global_colors_info=&#8221;{}&#8221;][et_pb_column type=&#8221;1_2&#8243; _builder_version=&#8221;4.16&#8243; custom_padding=&#8221;|||&#8221; global_colors_info=&#8221;{}&#8221; custom_padding__hover=&#8221;|||&#8221;][et_pb_text admin_label=&#8221;How are your teeth?&#8221; _builder_version=&#8221;4.16&#8243; text_font_size=&#8221;30&#8243; header_font_size=&#8221;40px&#8221; background_size=&#8221;initial&#8221; background_position=&#8221;top_left&#8221; background_repeat=&#8221;repeat&#8221; text_orientation=&#8221;center&#8221; background_layout=&#8221;dark&#8221; module_alignment=&#8221;center&#8221; custom_margin=&#8221;||20px|&#8221; use_border_color=&#8221;off&#8221; border_color=&#8221;#ffffff&#8221; border_style=&#8221;solid&#8221; global_colors_info=&#8221;{}&#8221;]<\/p>\n<p>Prenota\u00a0subito la tua visita!<\/p>\n<p>[\/et_pb_text][\/et_pb_column][et_pb_column type=&#8221;1_2&#8243; _builder_version=&#8221;4.16&#8243; custom_padding=&#8221;|||&#8221; global_colors_info=&#8221;{}&#8221; custom_padding__hover=&#8221;|||&#8221;][et_pb_button button_url=&#8221;https:\/\/www.dr-fischer.it\/contatti-e-orari\/#contatto&#8221; button_text=&#8221;Clicca qui&#8221; button_alignment=&#8221;center&#8221; admin_label=&#8221;Pulsante&#8221; _builder_version=&#8221;4.16&#8243; custom_button=&#8221;on&#8221; button_text_color=&#8221;#ffffff&#8221; button_border_color=&#8221;#ffffff&#8221; button_icon=&#8221;&#x45;||divi||400&#8243; button_icon_color=&#8221;#ffffff&#8221; background_layout=&#8221;dark&#8221; button_letter_spacing_hover=&#8221;0&#8243; global_colors_info=&#8221;{}&#8221; button_text_size__hover_enabled=&#8221;off&#8221; button_one_text_size__hover_enabled=&#8221;off&#8221; button_two_text_size__hover_enabled=&#8221;off&#8221; button_text_color__hover_enabled=&#8221;off&#8221; button_one_text_color__hover_enabled=&#8221;off&#8221; button_two_text_color__hover_enabled=&#8221;off&#8221; button_border_width__hover_enabled=&#8221;off&#8221; button_one_border_width__hover_enabled=&#8221;off&#8221; button_two_border_width__hover_enabled=&#8221;off&#8221; button_border_color__hover_enabled=&#8221;off&#8221; button_one_border_color__hover_enabled=&#8221;off&#8221; button_two_border_color__hover_enabled=&#8221;off&#8221; button_border_radius__hover_enabled=&#8221;off&#8221; button_one_border_radius__hover_enabled=&#8221;off&#8221; button_two_border_radius__hover_enabled=&#8221;off&#8221; button_letter_spacing__hover_enabled=&#8221;on&#8221; button_letter_spacing__hover=&#8221;0&#8243; button_one_letter_spacing__hover_enabled=&#8221;off&#8221; button_two_letter_spacing__hover_enabled=&#8221;off&#8221; button_bg_color__hover_enabled=&#8221;off&#8221; button_one_bg_color__hover_enabled=&#8221;off&#8221; button_two_bg_color__hover_enabled=&#8221;off&#8221;]<\/p>\n<p>[\/et_pb_button][\/et_pb_column][\/et_pb_row][\/et_pb_section]<\/p>\n","protected":false},"excerpt":{"rendered":"<p>Telefono &#8211; 040 763311 | email &#8211; studio@dr-fischer.it | indirizzo &#8211; P.zza dell\u2019Ospitale, 2 \u2013 34129 Trieste L\u2019\u00e9quipe Dr. Thomas Fischer Odontologiste titulaire du cabinetMa\u00eetrise en odontologie et proth\u00e8se dentaire \u00e0 l\u2019Universit\u00e9 de Regensburg, doctorat \u00e0 l\u2019Institut pour Laser en M\u00e9decine (ILM) de l\u2019Universit\u00e9 de ULM, exp\u00e9rience clinique de 30 ans, associ\u00e9 du I-load Study [&hellip;]<\/p>\n","protected":false},"author":8,"featured_media":0,"parent":0,"menu_order":0,"comment_status":"closed","ping_status":"closed","template":"","meta":{"_et_pb_use_builder":"on","_et_pb_old_content":"","_et_gb_content_width":"","footnotes":""},"class_list":["post-29236","page","type-page","status-publish","hentry"],"yoast_head":"<!-- This site is optimized with the Yoast SEO plugin v27.4 - https:\/\/yoast.com\/product\/yoast-seo-wordpress\/ -->\r\n<title>Studio dentistico Fischer | Il team di specialisti per la tua salute dentale<\/title>\r\n<meta name=\"description\" content=\"Una veloce presentazione di tutti i membri dello Studio Dentistico Fischer di Trieste. Tanta competenza e gentilezza in uno staff tutto al femminile. :-)\" \/>\r\n<meta name=\"robots\" content=\"index, follow, max-snippet:-1, max-image-preview:large, max-video-preview:-1\" \/>\r\n<link rel=\"canonical\" href=\"https:\/\/www.dr-fischer.it\/fr\/lequipe\/\" \/>\r\n<meta property=\"og:locale\" content=\"fr_FR\" \/>\r\n<meta property=\"og:type\" content=\"article\" \/>\r\n<meta property=\"og:title\" content=\"Studio dentistico Fischer | Il team di specialisti per la tua salute dentale\" \/>\r\n<meta property=\"og:description\" content=\"Una veloce presentazione di tutti i membri dello Studio Dentistico Fischer di Trieste. Tanta competenza e gentilezza in uno staff tutto al femminile. :-)\" \/>\r\n<meta property=\"og:url\" content=\"https:\/\/www.dr-fischer.it\/fr\/lequipe\/\" \/>\r\n<meta property=\"og:site_name\" content=\"Studio dentistico Dr. Fischer | Dentista Trieste | ZAHNMEDIZIN\" \/>\r\n<meta property=\"article:publisher\" content=\"https:\/\/www.facebook.com\/StudioDentisticoFischer\" \/>\r\n<meta property=\"article:modified_time\" content=\"2025-08-01T08:40:37+00:00\" \/>\r\n<meta name=\"twitter:card\" content=\"summary_large_image\" \/>\r\n<meta name=\"twitter:label1\" content=\"Dur\u00e9e de lecture estim\u00e9e\" \/>\n\t<meta name=\"twitter:data1\" content=\"25 minutes\" \/>\r\n<!-- \/ Yoast SEO plugin. -->","yoast_head_json":{"title":"Studio dentistico Fischer | Il team di specialisti per la tua salute dentale","description":"Una veloce presentazione di tutti i membri dello Studio Dentistico Fischer di Trieste. Tanta competenza e gentilezza in uno staff tutto al femminile. :-)","robots":{"index":"index","follow":"follow","max-snippet":"max-snippet:-1","max-image-preview":"max-image-preview:large","max-video-preview":"max-video-preview:-1"},"canonical":"https:\/\/www.dr-fischer.it\/fr\/lequipe\/","og_locale":"fr_FR","og_type":"article","og_title":"Studio dentistico Fischer | Il team di specialisti per la tua salute dentale","og_description":"Una veloce presentazione di tutti i membri dello Studio Dentistico Fischer di Trieste. Tanta competenza e gentilezza in uno staff tutto al femminile. :-)","og_url":"https:\/\/www.dr-fischer.it\/fr\/lequipe\/","og_site_name":"Studio dentistico Dr. Fischer | Dentista Trieste | ZAHNMEDIZIN","article_publisher":"https:\/\/www.facebook.com\/StudioDentisticoFischer","article_modified_time":"2025-08-01T08:40:37+00:00","twitter_card":"summary_large_image","twitter_misc":{"Dur\u00e9e de lecture estim\u00e9e":"25 minutes"},"schema":{"@context":"https:\/\/schema.org","@graph":[{"@type":"WebPage","@id":"https:\/\/www.dr-fischer.it\/fr\/lequipe\/","url":"https:\/\/www.dr-fischer.it\/fr\/lequipe\/","name":"Studio dentistico Fischer | Il team di specialisti per la tua salute dentale","isPartOf":{"@id":"https:\/\/www.dr-fischer.it\/fr\/#website"},"datePublished":"2019-12-02T09:16:26+00:00","dateModified":"2025-08-01T08:40:37+00:00","description":"Una veloce presentazione di tutti i membri dello Studio Dentistico Fischer di Trieste. Tanta competenza e gentilezza in uno staff tutto al femminile. :-)","breadcrumb":{"@id":"https:\/\/www.dr-fischer.it\/fr\/lequipe\/#breadcrumb"},"inLanguage":"fr-FR","potentialAction":[{"@type":"ReadAction","target":["https:\/\/www.dr-fischer.it\/fr\/lequipe\/"]}]},{"@type":"BreadcrumbList","@id":"https:\/\/www.dr-fischer.it\/fr\/lequipe\/#breadcrumb","itemListElement":[{"@type":"ListItem","position":1,"name":"Home","item":"https:\/\/www.dr-fischer.it\/fr\/"},{"@type":"ListItem","position":2,"name":"L&#8217;Equipe"}]},{"@type":"WebSite","@id":"https:\/\/www.dr-fischer.it\/fr\/#website","url":"https:\/\/www.dr-fischer.it\/fr\/","name":"Studio dentistico Dr. Fischer | Dentista Trieste | ZAHNMEDIZIN","description":"Dott. Fischer - Dentista a Trieste","publisher":{"@id":"https:\/\/www.dr-fischer.it\/fr\/#organization"},"potentialAction":[{"@type":"SearchAction","target":{"@type":"EntryPoint","urlTemplate":"https:\/\/www.dr-fischer.it\/fr\/?s={search_term_string}"},"query-input":{"@type":"PropertyValueSpecification","valueRequired":true,"valueName":"search_term_string"}}],"inLanguage":"fr-FR"},{"@type":"Organization","@id":"https:\/\/www.dr-fischer.it\/fr\/#organization","name":"Studio dentistico Dr. Fischer | Dentista Trieste | ZAHNMEDIZIN","url":"https:\/\/www.dr-fischer.it\/fr\/","logo":{"@type":"ImageObject","inLanguage":"fr-FR","@id":"https:\/\/www.dr-fischer.it\/fr\/#\/schema\/logo\/image\/","url":"https:\/\/www.dr-fischer.it\/wp-content\/uploads\/2017\/12\/logo-Dr.Fischer.png","contentUrl":"https:\/\/www.dr-fischer.it\/wp-content\/uploads\/2017\/12\/logo-Dr.Fischer.png","width":196,"height":84,"caption":"Studio dentistico Dr. Fischer | Dentista Trieste | ZAHNMEDIZIN"},"image":{"@id":"https:\/\/www.dr-fischer.it\/fr\/#\/schema\/logo\/image\/"},"sameAs":["https:\/\/www.facebook.com\/StudioDentisticoFischer"]}]}},"_links":{"self":[{"href":"https:\/\/www.dr-fischer.it\/fr\/wp-json\/wp\/v2\/pages\/29236","targetHints":{"allow":["GET"]}}],"collection":[{"href":"https:\/\/www.dr-fischer.it\/fr\/wp-json\/wp\/v2\/pages"}],"about":[{"href":"https:\/\/www.dr-fischer.it\/fr\/wp-json\/wp\/v2\/types\/page"}],"author":[{"embeddable":true,"href":"https:\/\/www.dr-fischer.it\/fr\/wp-json\/wp\/v2\/users\/8"}],"replies":[{"embeddable":true,"href":"https:\/\/www.dr-fischer.it\/fr\/wp-json\/wp\/v2\/comments?post=29236"}],"version-history":[{"count":11,"href":"https:\/\/www.dr-fischer.it\/fr\/wp-json\/wp\/v2\/pages\/29236\/revisions"}],"predecessor-version":[{"id":31660,"href":"https:\/\/www.dr-fischer.it\/fr\/wp-json\/wp\/v2\/pages\/29236\/revisions\/31660"}],"wp:attachment":[{"href":"https:\/\/www.dr-fischer.it\/fr\/wp-json\/wp\/v2\/media?parent=29236"}],"curies":[{"name":"wp","href":"https:\/\/api.w.org\/{rel}","templated":true}]}}